{"id":81509,"date":"2025-10-08T15:21:23","date_gmt":"2025-10-08T13:21:23","guid":{"rendered":"https:\/\/amcham.com.al\/?page_id=81509"},"modified":"2026-02-16T10:41:22","modified_gmt":"2026-02-16T09:41:22","slug":"home-page-sq","status":"publish","type":"page","link":"https:\/\/amcham.com.al\/sq\/","title":{"rendered":"Home Page"},"content":{"rendered":"<h2 style=\"text-align: center;\">Lidhje m\u00eb t\u00eb forta t\u00eb biznesit midis SHBA-s\u00eb dhe Shqip\u00ebris\u00eb<\/h2>\n<p style=\"text-align: center;\">Fuqizimi i bizneseve p\u00ebrmes tregtis\u00eb, avokimit dhe mund\u00ebsive t\u00eb rrjet\u00ebzimit. Bashkohuni me ne p\u00ebr t\u00eb rritur biznesin tuaj me AmCham Albania.<\/p>\n<p><a href=\"https:\/\/amcham.com.al\/sq\/ifc-dhe-dhoma-amerikane-organizojne-modulin-e-dyte-te-programit-te-trajnimit-move-up\/\" dynamic-postlink=\"tcb_post_the_permalink\" data-shortcode-id=\"80847\" tabindex=\"0\"><\/a><\/p>\n<h2 style=\"\"><span data-attr-link=\"1\" data-attr-rel=\"0\" data-attr-target=\"0\" data-extra_key=\"\" data-option-inline=\"1\" data-shortcode=\"tcb_post_title\" data-shortcode-name=\"Post title\" data-attr-css=\"tve-u-199a543d567\" data-attr-static-link=\"{&quot;className&quot;:&quot;&quot;,&quot;href&quot;:&quot;https:\/\/amcham.com.al\/sq\/ifc-dhe-dhoma-amerikane-organizojne-modulin-e-dyte-te-programit-te-trajnimit-move-up\/&quot;,&quot;title&quot;:&quot;IFC dhe Dhoma Amerikane organizojn\u00eb modulin e dyt\u00eb t\u00eb programit t\u00eb trajnimit MoveUp&quot;,&quot;data-css&quot;:&quot;tve-u-199a543d567&quot;,&quot;class&quot;:&quot;&quot;,&quot;tabindex&quot;:&quot;0&quot;}\"><a href=\"https:\/\/amcham.com.al\/sq\/ifc-dhe-dhoma-amerikane-organizojne-modulin-e-dyte-te-programit-te-trajnimit-move-up\/\" title=\"IFC dhe Dhoma Amerikane organizojn\u00eb modulin e dyt\u00eb t\u00eb programit t\u00eb trajnimit MoveUp\">IFC dhe Dhoma Amerikane organizojn\u00eb modulin e dyt\u00eb t\u00eb programit t\u00eb trajnimit MoveUp<\/a><\/span><\/h2>\n<p><a href=\"https:\/\/amcham.com.al\/sq\/ifc-dhe-dhoma-amerikane-organizojne-modulin-e-dyte-te-programit-te-trajnimit-move-up\/\" tabindex=\"0\" style=\"\"><span><span style=\"\"><strong>Read More<\/strong><\/span><\/span><\/a><a href=\"https:\/\/amcham.com.al\/sq\/deklarate-zyrtare-e-amcham-mbi-besueshmerine-sigurine-dhe-qeverisjen-e-sistemeve-te-e-gov-ne-shqiperi\/\" dynamic-postlink=\"tcb_post_the_permalink\" data-shortcode-id=\"80847\" tabindex=\"0\"><\/a><\/p>\n<h2 style=\"\"><span data-attr-link=\"1\" data-attr-rel=\"0\" data-attr-target=\"0\" data-extra_key=\"\" data-option-inline=\"1\" data-shortcode=\"tcb_post_title\" data-shortcode-name=\"Post title\" data-attr-css=\"tve-u-199a543d567\" data-attr-static-link=\"{&quot;className&quot;:&quot;&quot;,&quot;href&quot;:&quot;https:\/\/amcham.com.al\/sq\/ifc-dhe-dhoma-amerikane-organizojne-modulin-e-dyte-te-programit-te-trajnimit-move-up\/&quot;,&quot;title&quot;:&quot;IFC dhe Dhoma Amerikane organizojn\u00eb modulin e dyt\u00eb t\u00eb programit t\u00eb trajnimit MoveUp&quot;,&quot;data-css&quot;:&quot;tve-u-199a543d567&quot;,&quot;class&quot;:&quot;&quot;,&quot;tabindex&quot;:&quot;0&quot;}\"><a href=\"https:\/\/amcham.com.al\/sq\/deklarate-zyrtare-e-amcham-mbi-besueshmerine-sigurine-dhe-qeverisjen-e-sistemeve-te-e-gov-ne-shqiperi\/\" title=\"Deklarat\u00eb Zyrtare e AmCham mbi Besueshm\u00ebrin\u00eb, Sigurin\u00eb dhe Qeverisjen e Sistemeve t\u00eb e-Gov n\u00eb Shqip\u00ebri\">Deklarat\u00eb Zyrtare e AmCham mbi Besueshm\u00ebrin\u00eb, Sigurin\u00eb dhe Qeverisjen e Sistemeve t\u00eb e-Gov n\u00eb Shqip\u00ebri<\/a><\/span><\/h2>\n<p><a href=\"https:\/\/amcham.com.al\/sq\/deklarate-zyrtare-e-amcham-mbi-besueshmerine-sigurine-dhe-qeverisjen-e-sistemeve-te-e-gov-ne-shqiperi\/\" tabindex=\"0\" style=\"\"><span><span style=\"\"><strong>Read More<\/strong><\/span><\/span><\/a><a href=\"https:\/\/amcham.com.al\/sq\/get-together-amcham-nderton-ura-komunikimi-dhe-bashkepunimi-mes-anetareve\/\" dynamic-postlink=\"tcb_post_the_permalink\" data-shortcode-id=\"80847\" tabindex=\"0\"><\/a><\/p>\n<h2 style=\"\"><span data-attr-link=\"1\" data-attr-rel=\"0\" data-attr-target=\"0\" data-extra_key=\"\" data-option-inline=\"1\" data-shortcode=\"tcb_post_title\" data-shortcode-name=\"Post title\" data-attr-css=\"tve-u-199a543d567\" data-attr-static-link=\"{&quot;className&quot;:&quot;&quot;,&quot;href&quot;:&quot;https:\/\/amcham.com.al\/sq\/ifc-dhe-dhoma-amerikane-organizojne-modulin-e-dyte-te-programit-te-trajnimit-move-up\/&quot;,&quot;title&quot;:&quot;IFC dhe Dhoma Amerikane organizojn\u00eb modulin e dyt\u00eb t\u00eb programit t\u00eb trajnimit MoveUp&quot;,&quot;data-css&quot;:&quot;tve-u-199a543d567&quot;,&quot;class&quot;:&quot;&quot;,&quot;tabindex&quot;:&quot;0&quot;}\"><a href=\"https:\/\/amcham.com.al\/sq\/get-together-amcham-nderton-ura-komunikimi-dhe-bashkepunimi-mes-anetareve\/\" title=\"Get Together: AmCham nd\u00ebrton ura komunikimi dhe bashk\u00ebpunimi mes an\u00ebtar\u00ebve\">Get Together: AmCham nd\u00ebrton ura komunikimi dhe bashk\u00ebpunimi mes an\u00ebtar\u00ebve<\/a><\/span><\/h2>\n<p><a href=\"https:\/\/amcham.com.al\/sq\/get-together-amcham-nderton-ura-komunikimi-dhe-bashkepunimi-mes-anetareve\/\" tabindex=\"0\" style=\"\"><span><span style=\"\"><strong>Read More<\/strong><\/span><\/span><\/a><a href=\"https:\/\/amcham.com.al\/sq\/dhoma-amerikane-takohet-me-zv-ministren-manjani-fokusi-fuqizimi-i-tregut-te-punes-dhe-trajnimi-i-fuqise-punetore\/\" dynamic-postlink=\"tcb_post_the_permalink\" data-shortcode-id=\"80847\" tabindex=\"0\"><\/a><\/p>\n<h2 style=\"\"><span data-attr-link=\"1\" data-attr-rel=\"0\" data-attr-target=\"0\" data-extra_key=\"\" data-option-inline=\"1\" data-shortcode=\"tcb_post_title\" data-shortcode-name=\"Post title\" data-attr-css=\"tve-u-199a543d567\" data-attr-static-link=\"{&quot;className&quot;:&quot;&quot;,&quot;href&quot;:&quot;https:\/\/amcham.com.al\/sq\/ifc-dhe-dhoma-amerikane-organizojne-modulin-e-dyte-te-programit-te-trajnimit-move-up\/&quot;,&quot;title&quot;:&quot;IFC dhe Dhoma Amerikane organizojn\u00eb modulin e dyt\u00eb t\u00eb programit t\u00eb trajnimit MoveUp&quot;,&quot;data-css&quot;:&quot;tve-u-199a543d567&quot;,&quot;class&quot;:&quot;&quot;,&quot;tabindex&quot;:&quot;0&quot;}\"><a href=\"https:\/\/amcham.com.al\/sq\/dhoma-amerikane-takohet-me-zv-ministren-manjani-fokusi-fuqizimi-i-tregut-te-punes-dhe-trajnimi-i-fuqise-punetore\/\" title=\"Dhoma Amerikane takohet me Zv. Ministren Manjani: Fokusi n\u00eb fuqizimin e tregut t\u00eb pun\u00ebs dhe trajnimi i fuqis\u00eb pun\u00ebtore\">Dhoma Amerikane takohet me Zv. Ministren Manjani: Fokusi n\u00eb fuqizimin e tregut t\u00eb pun\u00ebs dhe trajnimi i fuqis\u00eb pun\u00ebtore<\/a><\/span><\/h2>\n<p><a href=\"https:\/\/amcham.com.al\/sq\/dhoma-amerikane-takohet-me-zv-ministren-manjani-fokusi-fuqizimi-i-tregut-te-punes-dhe-trajnimi-i-fuqise-punetore\/\" tabindex=\"0\" style=\"\"><span><span style=\"\"><strong>Read More<\/strong><\/span><\/span><\/a><a href=\"https:\/\/amcham.com.al\/sq\/program-trajnimesh-per-rritjen-e-kapaciteteve-ne-sektorin-e-logjistikes-dhe-zinxhirit-te-furnizimit-moveup-ifc-dhe-dhoma-amerikane\/\" dynamic-postlink=\"tcb_post_the_permalink\" data-shortcode-id=\"80847\" tabindex=\"0\"><\/a><\/p>\n<h2 style=\"\"><span data-attr-link=\"1\" data-attr-rel=\"0\" data-attr-target=\"0\" data-extra_key=\"\" data-option-inline=\"1\" data-shortcode=\"tcb_post_title\" data-shortcode-name=\"Post title\" data-attr-css=\"tve-u-199a543d567\" data-attr-static-link=\"{&quot;className&quot;:&quot;&quot;,&quot;href&quot;:&quot;https:\/\/amcham.com.al\/sq\/ifc-dhe-dhoma-amerikane-organizojne-modulin-e-dyte-te-programit-te-trajnimit-move-up\/&quot;,&quot;title&quot;:&quot;IFC dhe Dhoma Amerikane organizojn\u00eb modulin e dyt\u00eb t\u00eb programit t\u00eb trajnimit MoveUp&quot;,&quot;data-css&quot;:&quot;tve-u-199a543d567&quot;,&quot;class&quot;:&quot;&quot;,&quot;tabindex&quot;:&quot;0&quot;}\"><a href=\"https:\/\/amcham.com.al\/sq\/program-trajnimesh-per-rritjen-e-kapaciteteve-ne-sektorin-e-logjistikes-dhe-zinxhirit-te-furnizimit-moveup-ifc-dhe-dhoma-amerikane\/\" title=\"Program trajnimesh p\u00ebr rritjen e kapaciteteve n\u00eb sektorin e logjistik\u00ebs dhe zinxhirit t\u00eb furnizimit \u2013 MoveUp, IFC dhe Dhoma Amerikane\">Program trajnimesh p\u00ebr rritjen e kapaciteteve n\u00eb sektorin e logjistik\u00ebs dhe zinxhirit t\u00eb furnizimit \u2013 MoveUp, IFC dhe Dhoma Amerikane<\/a><\/span><\/h2>\n<p><a href=\"https:\/\/amcham.com.al\/sq\/program-trajnimesh-per-rritjen-e-kapaciteteve-ne-sektorin-e-logjistikes-dhe-zinxhirit-te-furnizimit-moveup-ifc-dhe-dhoma-amerikane\/\" tabindex=\"0\" style=\"\"><span><span style=\"\"><strong>Read More<\/strong><\/span><\/span><\/a><a href=\"https:\/\/amcham.com.al\/sq\/gjigandet-e-hollywood-it-serish-ne-shqiperi-interes-per-zhvillimin-e-industrise-kinematografike\/\" dynamic-postlink=\"tcb_post_the_permalink\" data-shortcode-id=\"80847\" tabindex=\"0\"><\/a><\/p>\n<h2 style=\"\"><span data-attr-link=\"1\" data-attr-rel=\"0\" data-attr-target=\"0\" data-extra_key=\"\" data-option-inline=\"1\" data-shortcode=\"tcb_post_title\" data-shortcode-name=\"Post title\" data-attr-css=\"tve-u-199a543d567\" data-attr-static-link=\"{&quot;className&quot;:&quot;&quot;,&quot;href&quot;:&quot;https:\/\/amcham.com.al\/sq\/ifc-dhe-dhoma-amerikane-organizojne-modulin-e-dyte-te-programit-te-trajnimit-move-up\/&quot;,&quot;title&quot;:&quot;IFC dhe Dhoma Amerikane organizojn\u00eb modulin e dyt\u00eb t\u00eb programit t\u00eb trajnimit MoveUp&quot;,&quot;data-css&quot;:&quot;tve-u-199a543d567&quot;,&quot;class&quot;:&quot;&quot;,&quot;tabindex&quot;:&quot;0&quot;}\"><a href=\"https:\/\/amcham.com.al\/sq\/gjigandet-e-hollywood-it-serish-ne-shqiperi-interes-per-zhvillimin-e-industrise-kinematografike\/\" title=\"Gjigand\u00ebt e Hollywood-it s\u00ebrish n\u00eb Shqip\u00ebri, interes p\u00ebr zhvillimin e industris\u00eb kinematografike\">Gjigand\u00ebt e Hollywood-it s\u00ebrish n\u00eb Shqip\u00ebri, interes p\u00ebr zhvillimin e industris\u00eb kinematografike<\/a><\/span><\/h2>\n<p><a href=\"https:\/\/amcham.com.al\/sq\/gjigandet-e-hollywood-it-serish-ne-shqiperi-interes-per-zhvillimin-e-industrise-kinematografike\/\" tabindex=\"0\" style=\"\"><span><span style=\"\"><strong>Read More<\/strong><\/span><\/span><\/a><\/p>\n<h2 style=\"\">Je n\u00eb vendin e duhur.<\/h2>\n<p style=\"\">An\u00ebtar\u00ebsimi n\u00eb AmCham \u00ebsht\u00eb nj\u00eb investim strategjik p\u00ebr rritjen dhe zhvillimin e biznesit tuaj.<\/p>\n<h3 style=\"\">Rreth AmCham Albania<\/h3>\n<p style=\"\">Dhoma Amerikane e Tregtis\u00eb n\u00eb Shqip\u00ebri u akreditua nga Dhoma Amerikane e Tregtis\u00eb n\u00eb Uashington, SHBA, n\u00eb qershor 2003. Dhoma Amerikane e Tregtis\u00eb \u00ebsht\u00eb organizata m\u00eb e madhe e biznesit n\u00eb bot\u00eb q\u00eb p\u00ebrfaq\u00ebson interesat e m\u00eb shum\u00eb se 3 milion\u00eb bizneseve t\u00eb t\u00eb gjitha madh\u00ebsive, sektor\u00ebve dhe rajoneve. An\u00ebtar\u00ebsia e tyre varion nga bizneset e vogla dhe dhomat lokale deri te shoqatat kryesore t\u00eb industris\u00eb dhe korporatat e m\u00ebdha.<\/p>\n<p><span style=\"\">Customers served!<\/span><span data-anim=\"ticker\" data-refresh-interval=\"10\" data-from=\"150\" data-formatted-from=\"150\" data-to=\"270\" data-final-number=\"270\" data-decimals=\"0\" data-thousand-divider=\",\" data-decimal-character=\".\" data-speed=\"2507\" style=\"\"><span style=\"\"><\/span><span style=\"\">150<\/span><span style=\"\"><\/span><\/span><span style=\"\">An\u00ebtar\u00eb<\/span><span style=\"\">Customers served!<\/span><span data-anim=\"ticker\" data-refresh-interval=\"10\" data-from=\"0\" data-formatted-from=\"0\" data-to=\"7\" data-final-number=\"7\" data-decimals=\"0\" data-thousand-divider=\",\" data-decimal-character=\".\" data-speed=\"2507\" style=\"\"><span style=\"\"><\/span><span style=\"\">150<\/span><span style=\"\"><\/span><\/span><span style=\"\">Komitete<\/span><span style=\"\">Customers served!<\/span><span data-anim=\"ticker\" data-refresh-interval=\"10\" data-from=\"0\" data-formatted-from=\"0\" data-to=\"12\" data-final-number=\"12\" data-decimals=\"0\" data-thousand-divider=\",\" data-decimal-character=\".\" data-speed=\"2507\" style=\"\"><span style=\"\"><\/span><span style=\"\">150<\/span><span style=\"\"><\/span><\/span><span style=\"\">Investime t\u00eb huaja<\/span><!--! Font Awesome Free 6.7.1 by @fontawesome - https:\/\/fontawesome.com License - https:\/\/fontawesome.com\/license\/free (Icons: CC BY 4.0, Fonts: SIL OFL 1.1, Code: MIT License) Copyright 2024 Fonticons, Inc. --><span style=\"\">Customers served!<\/span><span data-anim=\"ticker\" data-refresh-interval=\"10\" data-from=\"0\" data-formatted-from=\"0\" data-to=\"25\" data-final-number=\"25\" data-decimals=\"0\" data-thousand-divider=\",\" data-decimal-character=\".\" data-speed=\"2507\" style=\"\"><span style=\"\"><\/span><span style=\"\">150<\/span><span style=\"\"><\/span><\/span><span style=\"\">Evente n\u00eb vit<\/span><!--! Font Awesome Free 6.7.1 by @fontawesome - https:\/\/fontawesome.com License - https:\/\/fontawesome.com\/license\/free (Icons: CC BY 4.0, Fonts: SIL OFL 1.1, Code: MIT License) Copyright 2024 Fonticons, Inc. --><span><img decoding=\"async\" alt=\"\" data-id=\"81035\" width=\"2048\" height=\"1536\" title=\"1747471265093\" src=\"https:\/\/amcham.com.al\/wp-content\/uploads\/2025\/09\/1747471265093-1024x768.jpg\" data-src=\"https:\/\/amcham.com.al\/wp-content\/uploads\/2025\/09\/1747471265093-300x225.jpg\" loading=\"lazy\" data-sizes=\"{&quot;thumbnail&quot;:{&quot;height&quot;:150,&quot;width&quot;:150,&quot;url&quot;:&quot;https:\/\/amcham.com.al\/wp-content\/uploads\/2025\/09\/1747471265093-150x150.jpg&quot;,&quot;orientation&quot;:&quot;landscape&quot;},&quot;medium&quot;:{&quot;height&quot;:225,&quot;width&quot;:300,&quot;url&quot;:&quot;https:\/\/amcham.com.al\/wp-content\/uploads\/2025\/09\/1747471265093-300x225.jpg&quot;,&quot;orientation&quot;:&quot;landscape&quot;},&quot;large&quot;:{&quot;height&quot;:768,&quot;width&quot;:1024,&quot;url&quot;:&quot;https:\/\/amcham.com.al\/wp-content\/uploads\/2025\/09\/1747471265093-1024x768.jpg&quot;,&quot;orientation&quot;:&quot;landscape&quot;},&quot;full&quot;:{&quot;url&quot;:&quot;https:\/\/amcham.com.al\/wp-content\/uploads\/2025\/09\/1747471265093.jpg&quot;,&quot;height&quot;:1536,&quot;width&quot;:2048,&quot;orientation&quot;:&quot;landscape&quot;}}\" style=\"\"><\/span><span><img decoding=\"async\" alt=\"\" data-id=\"64784\" width=\"2560\" height=\"1920\" title=\"DSCF3127\" src=\"https:\/\/amcham.com.al\/wp-content\/uploads\/2025\/02\/DSCF3127-1024x768.jpg\" data-src=\"https:\/\/amcham.com.al\/wp-content\/uploads\/2025\/02\/DSCF3127-300x225.jpg\" loading=\"lazy\" data-sizes=\"{&quot;thumbnail&quot;:{&quot;height&quot;:150,&quot;width&quot;:150,&quot;url&quot;:&quot;https:\/\/amcham.com.al\/wp-content\/uploads\/2025\/02\/DSCF3127-150x150.jpg&quot;,&quot;orientation&quot;:&quot;landscape&quot;},&quot;medium&quot;:{&quot;height&quot;:225,&quot;width&quot;:300,&quot;url&quot;:&quot;https:\/\/amcham.com.al\/wp-content\/uploads\/2025\/02\/DSCF3127-300x225.jpg&quot;,&quot;orientation&quot;:&quot;landscape&quot;},&quot;large&quot;:{&quot;height&quot;:768,&quot;width&quot;:1024,&quot;url&quot;:&quot;https:\/\/amcham.com.al\/wp-content\/uploads\/2025\/02\/DSCF3127-1024x768.jpg&quot;,&quot;orientation&quot;:&quot;landscape&quot;},&quot;full&quot;:{&quot;url&quot;:&quot;https:\/\/amcham.com.al\/wp-content\/uploads\/2025\/02\/DSCF3127-scaled.jpg&quot;,&quot;height&quot;:1920,&quot;width&quot;:2560,&quot;orientation&quot;:&quot;landscape&quot;}}\" style=\"\"><\/span><span><img decoding=\"async\" alt=\"\" data-id=\"62586\" width=\"2560\" height=\"1709\" title=\"Amcham Gala_WV (153)\" src=\"https:\/\/amcham.com.al\/wp-content\/uploads\/2024\/12\/Amcham-Gala_WV-153-1-1024x684.jpg\" data-src=\"https:\/\/amcham.com.al\/wp-content\/uploads\/2024\/12\/Amcham-Gala_WV-153-1-300x200.jpg\" loading=\"lazy\" data-sizes=\"{&quot;thumbnail&quot;:{&quot;height&quot;:150,&quot;width&quot;:150,&quot;url&quot;:&quot;https:\/\/amcham.com.al\/wp-content\/uploads\/2024\/12\/Amcham-Gala_WV-153-1-150x150.jpg&quot;,&quot;orientation&quot;:&quot;landscape&quot;},&quot;medium&quot;:{&quot;height&quot;:200,&quot;width&quot;:300,&quot;url&quot;:&quot;https:\/\/amcham.com.al\/wp-content\/uploads\/2024\/12\/Amcham-Gala_WV-153-1-300x200.jpg&quot;,&quot;orientation&quot;:&quot;landscape&quot;},&quot;large&quot;:{&quot;height&quot;:684,&quot;width&quot;:1024,&quot;url&quot;:&quot;https:\/\/amcham.com.al\/wp-content\/uploads\/2024\/12\/Amcham-Gala_WV-153-1-1024x684.jpg&quot;,&quot;orientation&quot;:&quot;landscape&quot;},&quot;full&quot;:{&quot;url&quot;:&quot;https:\/\/amcham.com.al\/wp-content\/uploads\/2024\/12\/Amcham-Gala_WV-153-1-scaled.jpg&quot;,&quot;height&quot;:1709,&quot;width&quot;:2560,&quot;orientation&quot;:&quot;landscape&quot;}}\" style=\"\"><\/span>  <\/p>\n<p style=\"text-align: center;\"><strong>Ne jemi krenar\u00eb<\/strong> p\u00ebr partneritetet tona me korporatat.<\/p>\n<p>  <a href=\"https:\/\/amcham.com.al\/sq\/balfin\/\" target=\"_blank\">   <\/a>   <a href=\"https:\/\/amcham.com.al\/sq\/grant-thornton\/\" target=\"_blank\">   <\/a>   <a href=\"https:\/\/amcham.com.al\/sq\/gjonaj-group-holdings\/\" target=\"_blank\">   <\/a>    <a href=\"https:\/\/amcham.com.al\/sq\/tcn\/\" target=\"_blank\">   <\/a><a href=\"https:\/\/amcham.com.al\/sq\/kastrati-group\/\" target=\"_blank\">   <\/a><a href=\"https:\/\/amcham.com.al\/antea-cement\/\" target=\"_blank\">   <\/a><a href=\"https:\/\/amcham.com.al\/sq\/vibtis\/\" target=\"_blank\">   <\/a>  <a href=\"https:\/\/amcham.com.al\/sq\/vodafone-albania\/\" target=\"_blank\">   <\/a> <a href=\"https:\/\/amcham.com.al\/sq\/western-union-financial-services\/\" target=\"_blank\">   <\/a> <\/p>\n<h2 style=\"\">Lajme<\/h2>\n","protected":false},"excerpt":{"rendered":"<p>Lidhje m\u00eb t\u00eb forta t\u00eb biznesit midis SHBA-s\u00eb dhe Shqip\u00ebris\u00eb Fuqizimi i bizneseve p\u00ebrmes tregtis\u00eb, avokimit dhe mund\u00ebsive t\u00eb rrjet\u00ebzimit. Bashkohuni me ne p\u00ebr t\u00eb rritur biznesin tuaj me AmCham Albania. IFC dhe Dhoma Amerikane organizojn\u00eb modulin e dyt\u00eb t\u00eb programit t\u00eb trajnimit MoveUp Read More Deklarat\u00eb Zyrtare e AmCham mbi Besueshm\u00ebrin\u00eb, Sigurin\u00eb dhe Qeverisjen [&hellip;]<\/p>\n","protected":false},"author":18,"featured_media":50005,"parent":0,"menu_order":0,"comment_status":"closed","ping_status":"closed","template":"","meta":{"_acf_changed":false,"_seopress_robots_primary_cat":"","_seopress_titles_title":"American Chamber of Commerce in Albania","_seopress_titles_desc":"Learn more about business opportunities, policies and exclusive accession with the American Chamber of Commerce in Albania.","_seopress_robots_index":"","inline_featured_image":false,"footnotes":""},"class_list":["post-81509","page","type-page","status-publish","has-post-thumbnail","hentry","post-wrapper","thrv_wrapper"],"acf":[],"_links":{"self":[{"href":"https:\/\/amcham.com.al\/sq\/wp-json\/wp\/v2\/pages\/81509","targetHints":{"allow":["GET"]}}],"collection":[{"href":"https:\/\/amcham.com.al\/sq\/wp-json\/wp\/v2\/pages"}],"about":[{"href":"https:\/\/amcham.com.al\/sq\/wp-json\/wp\/v2\/types\/page"}],"author":[{"embeddable":true,"href":"https:\/\/amcham.com.al\/sq\/wp-json\/wp\/v2\/users\/18"}],"replies":[{"embeddable":true,"href":"https:\/\/amcham.com.al\/sq\/wp-json\/wp\/v2\/comments?post=81509"}],"version-history":[{"count":0,"href":"https:\/\/amcham.com.al\/sq\/wp-json\/wp\/v2\/pages\/81509\/revisions"}],"wp:featuredmedia":[{"embeddable":true,"href":"https:\/\/amcham.com.al\/sq\/wp-json\/wp\/v2\/media\/50005"}],"wp:attachment":[{"href":"https:\/\/amcham.com.al\/sq\/wp-json\/wp\/v2\/media?parent=81509"}],"curies":[{"name":"wp","href":"https:\/\/api.w.org\/{rel}","templated":true}]}}