{"id":30774,"date":"2020-12-10T10:22:52","date_gmt":"2020-12-10T10:22:52","guid":{"rendered":"https:\/\/amcham.com.al\/we-network\/"},"modified":"2024-04-29T14:09:42","modified_gmt":"2024-04-29T13:09:42","slug":"ne-rrjetezojme","status":"publish","type":"page","link":"https:\/\/amcham.com.al\/sq\/ne-rrjetezojme\/","title":{"rendered":"Ne rrjet\u00ebzojm\u00eb"},"content":{"rendered":"<p><div class=\"tcb-post-list tve-content-list thrv_wrapper\" data-type=\"grid\" data-pagination-type=\"load_more\" data-pages_near_current=\"2\" data-css=\"tve-u-18017ab1c2e\" data-no_posts_text=\"There are no posts to display.\" data-total_post_count=\"12\" data-total_sticky_count=\"0\" data-disabled-links=\"0\"><article id=\"post-76688\" class=\"post-76688 post type-post status-publish format-standard hentry category-njoftime-per-shtyp category-publikimet post-wrapper thrv_wrapper thrive-animated-item \" tcb_hover_state_parent=\"\" shortcode=\"tcb_post_list\" data-id=\"76688\" data-selector=\".post-wrapper\"><style class=\"tcb-post-list-dynamic-style\" type=\"text\/css\">@media (min-width: 300px){[].tcb-post-list #post-76688 []{background-image: url(&#8220;https:\/\/amcham.com.al\/wp-content\/themes\/thrive-theme\/inc\/assets\/images\/featured_image.png&#8220;) !important;}}<\/style><a href=\"https:\/\/amcham.com.al\/sq\/deklarate-per-shtyp-2\/\" dynamic-postlink=\"tcb_post_the_permalink\" data-shortcode-id=\"30235\"><\/a><\/p>\n<h2 style=\"\"><span data-attr-css=\"tve-u-18017ab1c35\" data-attr-link=\"1\" data-attr-rel=\"0\" data-attr-static-link=\"{&quot;className&quot;:&quot;tve-froala fr-basic&quot;,&quot;href&quot;:&quot;https:\/\/amcham.com.al\/sq\/organizohet-edicioni-i-21-te-i-asamblese-se-pergjithshme-ne-amcham\/&quot;,&quot;title&quot;:&quot;Organizohet edicioni i 21-t\u00eb i Asambles\u00eb s\u00eb P\u00ebrgjithshme n\u00eb AmCham&quot;,&quot;data-css&quot;:&quot;tve-u-18017ab1c35&quot;,&quot;class&quot;:&quot;tve-froala fr-basic&quot;}\" data-attr-target=\"0\" data-extra_key=\"\" data-option-inline=\"1\" data-shortcode=\"tcb_post_title\" data-shortcode-name=\"Post title\"><a href=\"https:\/\/amcham.com.al\/sq\/deklarate-per-shtyp-2\/\" title=\"Deklarat\u00eb p\u00ebr Shtyp\" data-css=\"tve-u-18017ab1c35\" class=\"tve-froala fr-basic\">Deklarat\u00eb p\u00ebr Shtyp<\/a><\/span><\/h2>\n<p><section class=\"tcb-post-content tcb-shortcode thrv_wrapper\" data-css=\"tve-u-18017ab1c38\"><p>Dhoma Amerikane e Tregtis\u00eb n\u00eb Shqip\u00ebri e ka ndjekur n\u00eb m\u00ebnyr\u00eb t\u00eb vazhdueshme dhe me <a class=\"more-link\" href=\"https:\/\/amcham.com.al\/sq\/deklarate-per-shtyp-2\/#more-76688\">... Read more<\/a><\/p><\/section><\/article><article id=\"post-54521\" class=\"post-54521 post type-post status-publish format-standard has-post-thumbnail hentry category-blogu category-njoftime-per-shtyp category-publikimet post-wrapper thrv_wrapper thrive-animated-item \" tcb_hover_state_parent=\"\" shortcode=\"tcb_post_list\" data-id=\"54521\" data-selector=\".post-wrapper\"><style class=\"tcb-post-list-dynamic-style\" type=\"text\/css\">@media (min-width: 300px){[].tcb-post-list #post-54521 []{background-image: url(&#8220;https:\/\/amcham.com.al\/wp-content\/uploads\/2024\/07\/DSC_0797-1024x683.jpg&#8220;) !important;}}<\/style><a href=\"https:\/\/amcham.com.al\/sq\/miratimi-i-listes-se-barnave-dhe-medikamenteve-nga-keshilli-i-ministrave\/\" dynamic-postlink=\"tcb_post_the_permalink\" data-shortcode-id=\"30235\"><\/a><\/p>\n<h2 style=\"\"><span data-attr-css=\"tve-u-18017ab1c35\" data-attr-link=\"1\" data-attr-rel=\"0\" data-attr-static-link=\"{&quot;className&quot;:&quot;tve-froala fr-basic&quot;,&quot;href&quot;:&quot;https:\/\/amcham.com.al\/sq\/organizohet-edicioni-i-21-te-i-asamblese-se-pergjithshme-ne-amcham\/&quot;,&quot;title&quot;:&quot;Organizohet edicioni i 21-t\u00eb i Asambles\u00eb s\u00eb P\u00ebrgjithshme n\u00eb AmCham&quot;,&quot;data-css&quot;:&quot;tve-u-18017ab1c35&quot;,&quot;class&quot;:&quot;tve-froala fr-basic&quot;}\" data-attr-target=\"0\" data-extra_key=\"\" data-option-inline=\"1\" data-shortcode=\"tcb_post_title\" data-shortcode-name=\"Post title\"><a href=\"https:\/\/amcham.com.al\/sq\/miratimi-i-listes-se-barnave-dhe-medikamenteve-nga-keshilli-i-ministrave\/\" title=\"Miratimi i List\u00ebs s\u00eb Barnave dhe Medikamenteve nga K\u00ebshilli i Ministrave\" data-css=\"tve-u-18017ab1c35\" class=\"tve-froala fr-basic\">Miratimi i List\u00ebs s\u00eb Barnave dhe Medikamenteve nga K\u00ebshilli i Ministrave<\/a><\/span><\/h2>\n<p><section class=\"tcb-post-content tcb-shortcode thrv_wrapper\" data-css=\"tve-u-18017ab1c38\"><p>K\u00ebshilli i Ministrave ka miratuar s\u00eb fundmi List\u00ebn e Barnave dhe Medikamenteve duke i shtuar <a class=\"more-link\" href=\"https:\/\/amcham.com.al\/sq\/miratimi-i-listes-se-barnave-dhe-medikamenteve-nga-keshilli-i-ministrave\/#more-54521\">... Read more<\/a><\/p><\/section><\/article><article id=\"post-33942\" class=\"post-33942 post type-post status-publish format-standard has-post-thumbnail hentry category-lajme category-njoftime-per-shtyp category-slaidet post-wrapper thrv_wrapper thrive-animated-item \" tcb_hover_state_parent=\"\" shortcode=\"tcb_post_list\" data-id=\"33942\" data-selector=\".post-wrapper\"><style class=\"tcb-post-list-dynamic-style\" type=\"text\/css\">@media (min-width: 300px){[].tcb-post-list #post-33942 []{background-image: url(&#8220;https:\/\/amcham.com.al\/wp-content\/uploads\/2023\/04\/Imazhi-Shoqerues-per-Deklaraten-e-Perbashket-final.Eng-002-1024x623.png&#8220;) !important;}}<\/style><a href=\"https:\/\/amcham.com.al\/sq\/deklarate-e-perbashket\/\" dynamic-postlink=\"tcb_post_the_permalink\" data-shortcode-id=\"30235\"><\/a><\/p>\n<h2 style=\"\"><span data-attr-css=\"tve-u-18017ab1c35\" data-attr-link=\"1\" data-attr-rel=\"0\" data-attr-static-link=\"{&quot;className&quot;:&quot;tve-froala fr-basic&quot;,&quot;href&quot;:&quot;https:\/\/amcham.com.al\/sq\/organizohet-edicioni-i-21-te-i-asamblese-se-pergjithshme-ne-amcham\/&quot;,&quot;title&quot;:&quot;Organizohet edicioni i 21-t\u00eb i Asambles\u00eb s\u00eb P\u00ebrgjithshme n\u00eb AmCham&quot;,&quot;data-css&quot;:&quot;tve-u-18017ab1c35&quot;,&quot;class&quot;:&quot;tve-froala fr-basic&quot;}\" data-attr-target=\"0\" data-extra_key=\"\" data-option-inline=\"1\" data-shortcode=\"tcb_post_title\" data-shortcode-name=\"Post title\"><a href=\"https:\/\/amcham.com.al\/sq\/deklarate-e-perbashket\/\" title=\"Deklarat\u00eb e P\u00ebrbashk\u00ebt\" data-css=\"tve-u-18017ab1c35\" class=\"tve-froala fr-basic\">Deklarat\u00eb e P\u00ebrbashk\u00ebt<\/a><\/span><\/h2>\n<p><section class=\"tcb-post-content tcb-shortcode thrv_wrapper\" data-css=\"tve-u-18017ab1c38\"><p>Tiran\u00eb, 11.04.2023 Dhoma Amerikane e Tregtis\u00eb n\u00eb Shqip\u00ebri (AmCham), Dhoma Gjermane e Tregtis\u00eb (DIHA), Dhoma <a class=\"more-link\" href=\"https:\/\/amcham.com.al\/sq\/deklarate-e-perbashket\/#more-33942\">... Read more<\/a><\/p><\/section><\/article><article id=\"post-32102\" class=\"post-32102 post type-post status-publish format-standard hentry category-njoftime-per-shtyp category-slaidet tag-smart-city-conference-sq post-wrapper thrv_wrapper thrive-animated-item \" tcb_hover_state_parent=\"\" shortcode=\"tcb_post_list\" data-id=\"32102\" data-selector=\".post-wrapper\"><style class=\"tcb-post-list-dynamic-style\" type=\"text\/css\">@media (min-width: 300px){[].tcb-post-list #post-32102 []{background-image: url(&#8220;https:\/\/amcham.com.al\/wp-content\/themes\/thrive-theme\/inc\/assets\/images\/featured_image.png&#8220;) !important;}}<\/style><a href=\"https:\/\/amcham.com.al\/sq\/konferenca-rajonale-per-qytetet-inteligjente-mundesi-drejt-terheqjes-se-investimeve-te-teknologjise-ne-vendet-e-ballkanit\/\" dynamic-postlink=\"tcb_post_the_permalink\" data-shortcode-id=\"30235\"><\/a><\/p>\n<h2 style=\"\"><span data-attr-css=\"tve-u-18017ab1c35\" data-attr-link=\"1\" data-attr-rel=\"0\" data-attr-static-link=\"{&quot;className&quot;:&quot;tve-froala fr-basic&quot;,&quot;href&quot;:&quot;https:\/\/amcham.com.al\/sq\/organizohet-edicioni-i-21-te-i-asamblese-se-pergjithshme-ne-amcham\/&quot;,&quot;title&quot;:&quot;Organizohet edicioni i 21-t\u00eb i Asambles\u00eb s\u00eb P\u00ebrgjithshme n\u00eb AmCham&quot;,&quot;data-css&quot;:&quot;tve-u-18017ab1c35&quot;,&quot;class&quot;:&quot;tve-froala fr-basic&quot;}\" data-attr-target=\"0\" data-extra_key=\"\" data-option-inline=\"1\" data-shortcode=\"tcb_post_title\" data-shortcode-name=\"Post title\"><a href=\"https:\/\/amcham.com.al\/sq\/konferenca-rajonale-per-qytetet-inteligjente-mundesi-drejt-terheqjes-se-investimeve-te-teknologjise-ne-vendet-e-ballkanit\/\" title=\"Konferenca Rajonale p\u00ebr Qytetet Inteligjente, Mund\u00ebsi drejt T\u00ebrheqjes s\u00eb Investimeve t\u00eb Teknologjis\u00eb n\u00eb Vendet e Ballkanit\" data-css=\"tve-u-18017ab1c35\" class=\"tve-froala fr-basic\">Konferenca Rajonale p\u00ebr Qytetet Inteligjente, Mund\u00ebsi drejt T\u00ebrheqjes s\u00eb Investimeve t\u00eb Teknologjis\u00eb n\u00eb Vendet e Ballkanit<\/a><\/span><\/h2>\n<p><section class=\"tcb-post-content tcb-shortcode thrv_wrapper\" data-css=\"tve-u-18017ab1c38\"><p>Deklarate p\u00ebr shtyp Drejtori Ekzekutiv i AmCham, z.Neritan Mullaj: \u201cKy \u00ebsht\u00eb nj\u00eb \u201cmomentum\u201d i r\u00ebnd\u00ebsish\u00ebm <a class=\"more-link\" href=\"https:\/\/amcham.com.al\/sq\/konferenca-rajonale-per-qytetet-inteligjente-mundesi-drejt-terheqjes-se-investimeve-te-teknologjise-ne-vendet-e-ballkanit\/#more-32102\">... Read more<\/a><\/p><\/section><\/article><article id=\"post-31206\" class=\"post-31206 post type-post status-publish format-standard has-post-thumbnail hentry category-njoftime-per-shtyp category-slaidet post-wrapper thrv_wrapper thrive-animated-item \" tcb_hover_state_parent=\"\" shortcode=\"tcb_post_list\" data-id=\"31206\" data-selector=\".post-wrapper\"><style class=\"tcb-post-list-dynamic-style\" type=\"text\/css\">@media (min-width: 300px){[].tcb-post-list #post-31206 []{background-image: url(&#8220;https:\/\/amcham.com.al\/wp-content\/uploads\/2022\/07\/Press-Release-July-2022-ENG-1024x471.jpg&#8220;) !important;}}<\/style><a href=\"https:\/\/amcham.com.al\/sq\/statement-of-amcham-albania-on-the-draft-low-on-fiscal-amnesty\/\" dynamic-postlink=\"tcb_post_the_permalink\" data-shortcode-id=\"30235\"><\/a><\/p>\n<h2 style=\"\"><span data-attr-css=\"tve-u-18017ab1c35\" data-attr-link=\"1\" data-attr-rel=\"0\" data-attr-static-link=\"{&quot;className&quot;:&quot;tve-froala fr-basic&quot;,&quot;href&quot;:&quot;https:\/\/amcham.com.al\/sq\/organizohet-edicioni-i-21-te-i-asamblese-se-pergjithshme-ne-amcham\/&quot;,&quot;title&quot;:&quot;Organizohet edicioni i 21-t\u00eb i Asambles\u00eb s\u00eb P\u00ebrgjithshme n\u00eb AmCham&quot;,&quot;data-css&quot;:&quot;tve-u-18017ab1c35&quot;,&quot;class&quot;:&quot;tve-froala fr-basic&quot;}\" data-attr-target=\"0\" data-extra_key=\"\" data-option-inline=\"1\" data-shortcode=\"tcb_post_title\" data-shortcode-name=\"Post title\"><a href=\"https:\/\/amcham.com.al\/sq\/statement-of-amcham-albania-on-the-draft-low-on-fiscal-amnesty\/\" title=\"Statement of AmCham Albania on the draft law on fiscal amnesty\" data-css=\"tve-u-18017ab1c35\" class=\"tve-froala fr-basic\">Statement of AmCham Albania on the draft law on fiscal amnesty<\/a><\/span><\/h2>\n<p><section class=\"tcb-post-content tcb-shortcode thrv_wrapper\" data-css=\"tve-u-18017ab1c38\"><p>AmCham Board Statement about Fiscal Amnesty &#8211; July 2022Download PDF <a class=\"more-link\" href=\"https:\/\/amcham.com.al\/sq\/statement-of-amcham-albania-on-the-draft-low-on-fiscal-amnesty\/#more-31206\">... Read more<\/a><\/p><\/section><\/article><article id=\"post-30235\" class=\"post-30235 post type-post status-publish format-standard has-post-thumbnail hentry category-lajme category-njoftime-per-shtyp category-slaidet post-wrapper thrv_wrapper thrive-animated-item \" tcb_hover_state_parent=\"\" shortcode=\"tcb_post_list\" data-id=\"30235\" data-selector=\".post-wrapper\"><style class=\"tcb-post-list-dynamic-style\" type=\"text\/css\">@media (min-width: 300px){[].tcb-post-list #post-30235 []{background-image: url(&#8220;https:\/\/amcham.com.al\/wp-content\/uploads\/2021\/10\/Neritan-Mullaj-Drejtor-Ekzekutiv-1024x683.jpg&#8220;) !important;}}<\/style><a href=\"https:\/\/amcham.com.al\/sq\/organizohet-edicioni-i-21-te-i-asamblese-se-pergjithshme-ne-amcham\/\" dynamic-postlink=\"tcb_post_the_permalink\" data-shortcode-id=\"30235\"><\/a><\/p>\n<h2 style=\"\"><span data-attr-css=\"tve-u-18017ab1c35\" data-attr-link=\"1\" data-attr-rel=\"0\" data-attr-static-link=\"{&quot;className&quot;:&quot;tve-froala fr-basic&quot;,&quot;href&quot;:&quot;https:\/\/amcham.com.al\/sq\/organizohet-edicioni-i-21-te-i-asamblese-se-pergjithshme-ne-amcham\/&quot;,&quot;title&quot;:&quot;Organizohet edicioni i 21-t\u00eb i Asambles\u00eb s\u00eb P\u00ebrgjithshme n\u00eb AmCham&quot;,&quot;data-css&quot;:&quot;tve-u-18017ab1c35&quot;,&quot;class&quot;:&quot;tve-froala fr-basic&quot;}\" data-attr-target=\"0\" data-extra_key=\"\" data-option-inline=\"1\" data-shortcode=\"tcb_post_title\" data-shortcode-name=\"Post title\"><a href=\"https:\/\/amcham.com.al\/sq\/organizohet-edicioni-i-21-te-i-asamblese-se-pergjithshme-ne-amcham\/\" title=\"Organizohet edicioni i 21-t\u00eb i Asambles\u00eb s\u00eb P\u00ebrgjithshme n\u00eb AmCham\" data-css=\"tve-u-18017ab1c35\" class=\"tve-froala fr-basic\">Organizohet edicioni i 21-t\u00eb i Asambles\u00eb s\u00eb P\u00ebrgjithshme n\u00eb AmCham<\/a><\/span><\/h2>\n<p><section class=\"tcb-post-content tcb-shortcode thrv_wrapper\" data-css=\"tve-u-18017ab1c38\"><p>An\u00ebtar\u00ebt zgjedhin Presidentin, Sekretarin dhe dy an\u00ebtar\u00eb t\u00eb Bordit Drejtues Dhoma Amerikane e Tregtis\u00eb n\u00eb <a class=\"more-link\" href=\"https:\/\/amcham.com.al\/sq\/organizohet-edicioni-i-21-te-i-asamblese-se-pergjithshme-ne-amcham\/#more-30235\">... Read more<\/a><\/p><\/section><\/article><article id=\"post-29410\" class=\"post-29410 post type-post status-publish format-standard has-post-thumbnail hentry category-njoftime-per-shtyp category-slaidet post-wrapper thrv_wrapper thrive-animated-item \" tcb_hover_state_parent=\"\" shortcode=\"tcb_post_list\" data-id=\"29410\" data-selector=\".post-wrapper\"><style class=\"tcb-post-list-dynamic-style\" type=\"text\/css\">@media (min-width: 300px){[].tcb-post-list #post-29410 []{background-image: url(&#8220;https:\/\/amcham.com.al\/wp-content\/uploads\/2021\/06\/Amcham-01@-1024x463.png&#8220;) !important;}}<\/style><a href=\"https:\/\/amcham.com.al\/sq\/amcham-publikon-axhenden-e-investimeve-40-rekomandime-per-permiresimin-e-klimes-se-biznesit\/\" dynamic-postlink=\"tcb_post_the_permalink\" data-shortcode-id=\"30235\"><\/a><\/p>\n<h2 style=\"\"><span data-attr-css=\"tve-u-18017ab1c35\" data-attr-link=\"1\" data-attr-rel=\"0\" data-attr-static-link=\"{&quot;className&quot;:&quot;tve-froala fr-basic&quot;,&quot;href&quot;:&quot;https:\/\/amcham.com.al\/sq\/organizohet-edicioni-i-21-te-i-asamblese-se-pergjithshme-ne-amcham\/&quot;,&quot;title&quot;:&quot;Organizohet edicioni i 21-t\u00eb i Asambles\u00eb s\u00eb P\u00ebrgjithshme n\u00eb AmCham&quot;,&quot;data-css&quot;:&quot;tve-u-18017ab1c35&quot;,&quot;class&quot;:&quot;tve-froala fr-basic&quot;}\" data-attr-target=\"0\" data-extra_key=\"\" data-option-inline=\"1\" data-shortcode=\"tcb_post_title\" data-shortcode-name=\"Post title\"><a href=\"https:\/\/amcham.com.al\/sq\/amcham-publikon-axhenden-e-investimeve-40-rekomandime-per-permiresimin-e-klimes-se-biznesit\/\" title=\"AmCham Publikon Axhend\u00ebn e Investimeve: 40 Rekomandime p\u00ebr P\u00ebrmir\u00ebsimin e Klim\u00ebs s\u00eb Biznesit\" data-css=\"tve-u-18017ab1c35\" class=\"tve-froala fr-basic\">AmCham Publikon Axhend\u00ebn e Investimeve: 40 Rekomandime p\u00ebr P\u00ebrmir\u00ebsimin e Klim\u00ebs s\u00eb Biznesit<\/a><\/span><\/h2>\n<p><section class=\"tcb-post-content tcb-shortcode thrv_wrapper\" data-css=\"tve-u-18017ab1c38\"><p>Dhoma Amerikane e Tregtis\u00eb n\u00eb Shqip\u00ebri publikoi sot \u201cAxhend\u00ebn e Investimeve 2021\u201d, nj\u00eb paket\u00eb me <a class=\"more-link\" href=\"https:\/\/amcham.com.al\/sq\/amcham-publikon-axhenden-e-investimeve-40-rekomandime-per-permiresimin-e-klimes-se-biznesit\/#more-29410\">... Read more<\/a><\/p><\/section><\/article><article id=\"post-29954\" class=\"post-29954 post type-post status-publish format-standard has-post-thumbnail hentry category-lajme category-njoftime-per-shtyp category-slaidet post-wrapper thrv_wrapper thrive-animated-item \" tcb_hover_state_parent=\"\" shortcode=\"tcb_post_list\" data-id=\"29954\" data-selector=\".post-wrapper\"><style class=\"tcb-post-list-dynamic-style\" type=\"text\/css\">@media (min-width: 300px){[].tcb-post-list #post-29954 []{background-image: url(&#8220;https:\/\/amcham.com.al\/wp-content\/uploads\/2021\/03\/E_Jaco4-2-1024x682.jpg&#8220;) !important;}}<\/style><a href=\"https:\/\/amcham.com.al\/sq\/konferenca-vjetore-e-dhomes-amerikane-te-tregtise\/\" dynamic-postlink=\"tcb_post_the_permalink\" data-shortcode-id=\"30235\"><\/a><\/p>\n<h2 style=\"\"><span data-attr-css=\"tve-u-18017ab1c35\" data-attr-link=\"1\" data-attr-rel=\"0\" data-attr-static-link=\"{&quot;className&quot;:&quot;tve-froala fr-basic&quot;,&quot;href&quot;:&quot;https:\/\/amcham.com.al\/sq\/organizohet-edicioni-i-21-te-i-asamblese-se-pergjithshme-ne-amcham\/&quot;,&quot;title&quot;:&quot;Organizohet edicioni i 21-t\u00eb i Asambles\u00eb s\u00eb P\u00ebrgjithshme n\u00eb AmCham&quot;,&quot;data-css&quot;:&quot;tve-u-18017ab1c35&quot;,&quot;class&quot;:&quot;tve-froala fr-basic&quot;}\" data-attr-target=\"0\" data-extra_key=\"\" data-option-inline=\"1\" data-shortcode=\"tcb_post_title\" data-shortcode-name=\"Post title\"><a href=\"https:\/\/amcham.com.al\/sq\/konferenca-vjetore-e-dhomes-amerikane-te-tregtise\/\" title=\"Dhoma Amerikane mbi 40 rekomandime p\u00ebr Klim\u00ebn e Biznesit, Presidenti Ja\u00e7o: Do monitorojm\u00eb votat e deputet\u00ebve\" data-css=\"tve-u-18017ab1c35\" class=\"tve-froala fr-basic\">Dhoma Amerikane mbi 40 rekomandime p\u00ebr Klim\u00ebn e Biznesit, Presidenti Ja\u00e7o: Do monitorojm\u00eb votat e deputet\u00ebve<\/a><\/span><\/h2>\n<p><section class=\"tcb-post-content tcb-shortcode thrv_wrapper\" data-css=\"tve-u-18017ab1c38\"><p>Sot m\u00eb dat\u00eb 10 mars, 2021, Presidenti i Dhom\u00ebs Amerikane t\u00eb Tregtis\u00eb, z. Enio Ja\u00e7o <a class=\"more-link\" href=\"https:\/\/amcham.com.al\/sq\/konferenca-vjetore-e-dhomes-amerikane-te-tregtise\/#more-29954\">... Read more<\/a><\/p><\/section><\/article><article id=\"post-30244\" class=\"post-30244 post type-post status-publish format-standard has-post-thumbnail hentry category-aktivitete category-lajme category-njoftime-per-shtyp category-slaidet post-wrapper thrv_wrapper thrive-animated-item \" tcb_hover_state_parent=\"\" shortcode=\"tcb_post_list\" data-id=\"30244\" data-selector=\".post-wrapper\"><style class=\"tcb-post-list-dynamic-style\" type=\"text\/css\">@media (min-width: 300px){[].tcb-post-list #post-30244 []{background-image: url(&#8220;https:\/\/amcham.com.al\/wp-content\/uploads\/2020\/10\/General-Assembly-2020-1-1024x587.jpg&#8220;) !important;}}<\/style><a href=\"https:\/\/amcham.com.al\/sq\/dhoma-amerikane-feston-20-vjetorin-e-themelimit-dhe-zgjedh-me-votim-elektronik-strukturat-e-reja-ekzekutive\/\" dynamic-postlink=\"tcb_post_the_permalink\" data-shortcode-id=\"30235\"><\/a><\/p>\n<h2 style=\"\"><span data-attr-css=\"tve-u-18017ab1c35\" data-attr-link=\"1\" data-attr-rel=\"0\" data-attr-static-link=\"{&quot;className&quot;:&quot;tve-froala fr-basic&quot;,&quot;href&quot;:&quot;https:\/\/amcham.com.al\/sq\/organizohet-edicioni-i-21-te-i-asamblese-se-pergjithshme-ne-amcham\/&quot;,&quot;title&quot;:&quot;Organizohet edicioni i 21-t\u00eb i Asambles\u00eb s\u00eb P\u00ebrgjithshme n\u00eb AmCham&quot;,&quot;data-css&quot;:&quot;tve-u-18017ab1c35&quot;,&quot;class&quot;:&quot;tve-froala fr-basic&quot;}\" data-attr-target=\"0\" data-extra_key=\"\" data-option-inline=\"1\" data-shortcode=\"tcb_post_title\" data-shortcode-name=\"Post title\"><a href=\"https:\/\/amcham.com.al\/sq\/dhoma-amerikane-feston-20-vjetorin-e-themelimit-dhe-zgjedh-me-votim-elektronik-strukturat-e-reja-ekzekutive\/\" title=\"Dhoma Amerikane feston 20-vjetorin e Themelimit dhe Zgjedh me Votim Elektronik Strukturat e Reja Ekzekutive\" data-css=\"tve-u-18017ab1c35\" class=\"tve-froala fr-basic\">Dhoma Amerikane feston 20-vjetorin e Themelimit dhe Zgjedh me Votim Elektronik Strukturat e Reja Ekzekutive<\/a><\/span><\/h2>\n<p><section class=\"tcb-post-content tcb-shortcode thrv_wrapper\" data-css=\"tve-u-18017ab1c38\"><p>Dhoma Amerikane e Tregtis\u00eb zhvilloi dje Asamblen\u00ebn e P\u00ebrgjithshme t\u00eb 20-t\u00eb, ku festoi 20 &#8211; <a class=\"more-link\" href=\"https:\/\/amcham.com.al\/sq\/dhoma-amerikane-feston-20-vjetorin-e-themelimit-dhe-zgjedh-me-votim-elektronik-strukturat-e-reja-ekzekutive\/#more-30244\">... Read more<\/a><\/p><\/section><\/article><article id=\"post-29081\" class=\"post-29081 post type-post status-publish format-standard has-post-thumbnail hentry category-lajme category-njoftime-per-shtyp category-slaidet post-wrapper thrv_wrapper thrive-animated-item \" tcb_hover_state_parent=\"\" shortcode=\"tcb_post_list\" data-id=\"29081\" data-selector=\".post-wrapper\"><style class=\"tcb-post-list-dynamic-style\" type=\"text\/css\">@media (min-width: 300px){[].tcb-post-list #post-29081 []{background-image: url(&#8220;https:\/\/amcham.com.al\/wp-content\/uploads\/2020\/10\/amcham-1024x512.png&#8220;) !important;}}<\/style><a href=\"https:\/\/amcham.com.al\/sq\/nje-identitet-i-ri-i-markes-ne-prag-te-20-vjetorit\/\" dynamic-postlink=\"tcb_post_the_permalink\" data-shortcode-id=\"30235\"><\/a><\/p>\n<h2 style=\"\"><span data-attr-css=\"tve-u-18017ab1c35\" data-attr-link=\"1\" data-attr-rel=\"0\" data-attr-static-link=\"{&quot;className&quot;:&quot;tve-froala fr-basic&quot;,&quot;href&quot;:&quot;https:\/\/amcham.com.al\/sq\/organizohet-edicioni-i-21-te-i-asamblese-se-pergjithshme-ne-amcham\/&quot;,&quot;title&quot;:&quot;Organizohet edicioni i 21-t\u00eb i Asambles\u00eb s\u00eb P\u00ebrgjithshme n\u00eb AmCham&quot;,&quot;data-css&quot;:&quot;tve-u-18017ab1c35&quot;,&quot;class&quot;:&quot;tve-froala fr-basic&quot;}\" data-attr-target=\"0\" data-extra_key=\"\" data-option-inline=\"1\" data-shortcode=\"tcb_post_title\" data-shortcode-name=\"Post title\"><a href=\"https:\/\/amcham.com.al\/sq\/nje-identitet-i-ri-i-markes-ne-prag-te-20-vjetorit\/\" title=\"Nj\u00eb identitet i ri i mark\u00ebs n\u00eb prag t\u00eb 20 vjetorit\" data-css=\"tve-u-18017ab1c35\" class=\"tve-froala fr-basic\">Nj\u00eb identitet i ri i mark\u00ebs n\u00eb prag t\u00eb 20 vjetorit<\/a><\/span><\/h2>\n<p><section class=\"tcb-post-content tcb-shortcode thrv_wrapper\" data-css=\"tve-u-18017ab1c38\"><p>Dhoma Amerikane e Tregtis\u00eb ka k\u00ebnaq\u00ebsin\u00eb t\u2019Ju prezantoj\u00eb me Imazhin e ri t\u00eb Identitetit t\u00eb <a class=\"more-link\" href=\"https:\/\/amcham.com.al\/sq\/nje-identitet-i-ri-i-markes-ne-prag-te-20-vjetorit\/#more-29081\">... Read more<\/a><\/p><\/section><\/article><article id=\"post-29404\" class=\"post-29404 post type-post status-publish format-standard has-post-thumbnail hentry category-covid-19-sq category-njoftime-per-shtyp category-position-papers-sq-2 category-slaidet post-wrapper thrv_wrapper thrive-animated-item \" tcb_hover_state_parent=\"\" shortcode=\"tcb_post_list\" data-id=\"29404\" data-selector=\".post-wrapper\"><style class=\"tcb-post-list-dynamic-style\" type=\"text\/css\">@media (min-width: 300px){[].tcb-post-list #post-29404 []{background-image: url(&#8220;https:\/\/amcham.com.al\/wp-content\/uploads\/2020\/09\/Press-Release-Head-4-1024x340.png&#8220;) !important;}}<\/style><a href=\"https:\/\/amcham.com.al\/sq\/deklarate-per-shtyp-e-amcham-anketa-e-papunesise\/\" dynamic-postlink=\"tcb_post_the_permalink\" data-shortcode-id=\"30235\"><\/a><\/p>\n<h2 style=\"\"><span data-attr-css=\"tve-u-18017ab1c35\" data-attr-link=\"1\" data-attr-rel=\"0\" data-attr-static-link=\"{&quot;className&quot;:&quot;tve-froala fr-basic&quot;,&quot;href&quot;:&quot;https:\/\/amcham.com.al\/sq\/organizohet-edicioni-i-21-te-i-asamblese-se-pergjithshme-ne-amcham\/&quot;,&quot;title&quot;:&quot;Organizohet edicioni i 21-t\u00eb i Asambles\u00eb s\u00eb P\u00ebrgjithshme n\u00eb AmCham&quot;,&quot;data-css&quot;:&quot;tve-u-18017ab1c35&quot;,&quot;class&quot;:&quot;tve-froala fr-basic&quot;}\" data-attr-target=\"0\" data-extra_key=\"\" data-option-inline=\"1\" data-shortcode=\"tcb_post_title\" data-shortcode-name=\"Post title\"><a href=\"https:\/\/amcham.com.al\/sq\/deklarate-per-shtyp-e-amcham-anketa-e-papunesise\/\" title=\"Deklarat\u00eb p\u00ebr shtyp e AmCham \u2013 Anketa e Papun\u00ebsis\u00eb\" data-css=\"tve-u-18017ab1c35\" class=\"tve-froala fr-basic\">Deklarat\u00eb p\u00ebr shtyp e AmCham \u2013 Anketa e Papun\u00ebsis\u00eb<\/a><\/span><\/h2>\n<p><section class=\"tcb-post-content tcb-shortcode thrv_wrapper\" data-css=\"tve-u-18017ab1c38\"><p>An\u00ebtar\u00ebt e Dhom\u00ebs Amerikane t\u00eb Tregtis\u00eb n\u00eb Shqip\u00ebri Ruajne Fuqin\u00eb Pun\u00ebtore Pavar\u00ebsisht Sfidave t\u00eb COVID-19 <a class=\"more-link\" href=\"https:\/\/amcham.com.al\/sq\/deklarate-per-shtyp-e-amcham-anketa-e-papunesise\/#more-29404\">... Read more<\/a><\/p><\/section><\/article><article id=\"post-29937\" class=\"post-29937 post type-post status-publish format-standard has-post-thumbnail hentry category-covid-19-sq category-njoftime-per-shtyp category-position-papers-sq-2 category-publikimet category-slaidet post-wrapper thrv_wrapper thrive-animated-item \" tcb_hover_state_parent=\"\" shortcode=\"tcb_post_list\" data-id=\"29937\" data-selector=\".post-wrapper\"><style class=\"tcb-post-list-dynamic-style\" type=\"text\/css\">@media (min-width: 300px){[].tcb-post-list #post-29937 []{background-image: url(&#8220;https:\/\/amcham.com.al\/wp-content\/uploads\/2020\/09\/Press-Release-Photo-2.png&#8220;) !important;}}<\/style><a href=\"https:\/\/amcham.com.al\/sq\/deklarate-per-shtyp-pandemia-globale-e-covid-19\/\" dynamic-postlink=\"tcb_post_the_permalink\" data-shortcode-id=\"30235\"><\/a><\/p>\n<h2 style=\"\"><span data-attr-css=\"tve-u-18017ab1c35\" data-attr-link=\"1\" data-attr-rel=\"0\" data-attr-static-link=\"{&quot;className&quot;:&quot;tve-froala fr-basic&quot;,&quot;href&quot;:&quot;https:\/\/amcham.com.al\/sq\/organizohet-edicioni-i-21-te-i-asamblese-se-pergjithshme-ne-amcham\/&quot;,&quot;title&quot;:&quot;Organizohet edicioni i 21-t\u00eb i Asambles\u00eb s\u00eb P\u00ebrgjithshme n\u00eb AmCham&quot;,&quot;data-css&quot;:&quot;tve-u-18017ab1c35&quot;,&quot;class&quot;:&quot;tve-froala fr-basic&quot;}\" data-attr-target=\"0\" data-extra_key=\"\" data-option-inline=\"1\" data-shortcode=\"tcb_post_title\" data-shortcode-name=\"Post title\"><a href=\"https:\/\/amcham.com.al\/sq\/deklarate-per-shtyp-pandemia-globale-e-covid-19\/\" title=\"Deklarat\u00eb p\u00ebr shtyp \u2013 pandemia globale e COVID \u2013 19\" data-css=\"tve-u-18017ab1c35\" class=\"tve-froala fr-basic\">Deklarat\u00eb p\u00ebr shtyp \u2013 pandemia globale e COVID \u2013 19<\/a><\/span><\/h2>\n<p><section class=\"tcb-post-content tcb-shortcode thrv_wrapper\" data-css=\"tve-u-18017ab1c38\"><p>Dhoma Amerikane e Tregtise eshte duke ndjekur me shqetesim te madh sfidat e shkaktuara nga <a class=\"more-link\" href=\"https:\/\/amcham.com.al\/sq\/deklarate-per-shtyp-pandemia-globale-e-covid-19\/#more-29937\">... Read more<\/a><\/p><\/section><\/article><\/div><a href=\"javascript:void(0)\"><span><span>Load More<\/span><\/span><\/a><\/p>\n","protected":false},"excerpt":{"rendered":"<p>Load More<\/p>\n","protected":false},"author":5,"featured_media":38820,"parent":0,"menu_order":0,"comment_status":"closed","ping_status":"closed","template":"","meta":{"_acf_changed":false,"_seopress_robots_primary_cat":"","_seopress_titles_title":"","_seopress_titles_desc":"Eksploroni m\u00eb shum\u00eb rrjetin e Dhomes Amerikane, nj\u00eb qend\u00ebr p\u00ebr zhvillimin profesional, rrjet\u00ebzimin dhe bashk\u00ebpunimin. Bashkohuni me ne sot!","_seopress_robots_index":"","inline_featured_image":false,"footnotes":""},"class_list":{"0":"post-30774","1":"page","2":"type-page","3":"status-publish","4":"has-post-thumbnail","5":"hentry","6":"post-wrapper","7":"thrv_wrapper","10":"thrive-animated-item"},"acf":[],"_links":{"self":[{"href":"https:\/\/amcham.com.al\/sq\/wp-json\/wp\/v2\/pages\/30774","targetHints":{"allow":["GET"]}}],"collection":[{"href":"https:\/\/amcham.com.al\/sq\/wp-json\/wp\/v2\/pages"}],"about":[{"href":"https:\/\/amcham.com.al\/sq\/wp-json\/wp\/v2\/types\/page"}],"author":[{"embeddable":true,"href":"https:\/\/amcham.com.al\/sq\/wp-json\/wp\/v2\/users\/5"}],"replies":[{"embeddable":true,"href":"https:\/\/amcham.com.al\/sq\/wp-json\/wp\/v2\/comments?post=30774"}],"version-history":[{"count":0,"href":"https:\/\/amcham.com.al\/sq\/wp-json\/wp\/v2\/pages\/30774\/revisions"}],"wp:featuredmedia":[{"embeddable":true,"href":"https:\/\/amcham.com.al\/sq\/wp-json\/wp\/v2\/media\/38820"}],"wp:attachment":[{"href":"https:\/\/amcham.com.al\/sq\/wp-json\/wp\/v2\/media?parent=30774"}],"curies":[{"name":"wp","href":"https:\/\/api.w.org\/{rel}","templated":true}]}}